{"id":26,"date":"2024-03-17T09:10:23","date_gmt":"2024-03-17T09:10:23","guid":{"rendered":"https:\/\/mgv-eckenhaid.com\/?page_id=26"},"modified":"2025-05-18T18:34:10","modified_gmt":"2025-05-18T18:34:10","slug":"ueber-uns","status":"publish","type":"page","link":"https:\/\/mgv-eckenhaid.com\/?page_id=26","title":{"rendered":"\u00dcber uns"},"content":{"rendered":"\t\t<div data-elementor-type=\"wp-page\" data-elementor-id=\"26\" class=\"elementor elementor-26\">\n\t\t\t\t\t\t<section class=\"elementor-section elementor-top-section elementor-element elementor-element-76641451 elementor-section-boxed elementor-section-height-default elementor-section-height-default elementor-invisible\" data-id=\"76641451\" data-element_type=\"section\" data-settings=\"{&quot;background_background&quot;:&quot;classic&quot;,&quot;animation&quot;:&quot;fadeIn&quot;}\">\n\t\t\t\t\t\t\t<div class=\"elementor-background-overlay\"><\/div>\n\t\t\t\t\t\t\t<div class=\"elementor-container elementor-column-gap-default\">\n\t\t\t\t\t<div class=\"elementor-column elementor-col-100 elementor-top-column elementor-element elementor-element-fbb2bbd\" data-id=\"fbb2bbd\" data-element_type=\"column\">\n\t\t\t<div class=\"elementor-widget-wrap elementor-element-populated\">\n\t\t\t\t\t\t<div class=\"elementor-element elementor-element-5bc36078 elementor-invisible elementor-widget elementor-widget-heading\" data-id=\"5bc36078\" data-element_type=\"widget\" data-settings=\"{&quot;_animation&quot;:&quot;fadeInUp&quot;,&quot;_animation_delay&quot;:&quot;200&quot;}\" data-widget_type=\"heading.default\">\n\t\t\t\t<div class=\"elementor-widget-container\">\n\t\t\t\t\t<h1 class=\"elementor-heading-title elementor-size-default\">\u00dcber uns<\/h1>\t\t\t\t<\/div>\n\t\t\t\t<\/div>\n\t\t\t\t<div class=\"elementor-element elementor-element-71098e6e elementor-invisible elementor-widget elementor-widget-heading\" data-id=\"71098e6e\" data-element_type=\"widget\" data-settings=\"{&quot;_animation&quot;:&quot;fadeInUp&quot;,&quot;_animation_delay&quot;:&quot;400&quot;}\" data-widget_type=\"heading.default\">\n\t\t\t\t<div class=\"elementor-widget-container\">\n\t\t\t\t\t<h3 class=\"elementor-heading-title elementor-size-default\">Tradition, Freundschaft und Gesang<\/h3>\t\t\t\t<\/div>\n\t\t\t\t<\/div>\n\t\t\t\t\t<\/div>\n\t\t<\/div>\n\t\t\t\t\t<\/div>\n\t\t<\/section>\n\t\t<div class=\"elementor-element elementor-element-708cdda2 e-flex e-con-boxed e-con e-parent\" data-id=\"708cdda2\" data-element_type=\"container\">\n\t\t\t\t\t<div class=\"e-con-inner\">\n\t\t<div class=\"elementor-element elementor-element-7ca3676a e-con-full e-flex e-con e-child\" data-id=\"7ca3676a\" data-element_type=\"container\">\n\t\t\t\t<div class=\"elementor-element elementor-element-4a53ded0 elementor-widget elementor-widget-text-editor\" data-id=\"4a53ded0\" data-element_type=\"widget\" data-widget_type=\"text-editor.default\">\n\t\t\t\t<div class=\"elementor-widget-container\">\n\t\t\t\t\t\t\t\t\t<p><strong>Wolfgang V\u00f6lkl (Chorleiter)<\/strong><\/p><p>studierte Musikwissenschaft in Erlangen, und schloss das Studium 2012 mit dem Magister Artium ab. Seitdem ist er als freischaffender Musiker, Komponist, Arrangeur und Notensetzer t\u00e4tig.<\/p><p>Seit kurzen freuen wir uns Wolfgang den neuen Chorleiter des MGV Eckenhaid e.V. nennen zu d\u00fcrfen!<\/p>\t\t\t\t\t\t\t\t<\/div>\n\t\t\t\t<\/div>\n\t\t\t\t<\/div>\n\t\t<div class=\"elementor-element elementor-element-9b6c0aa e-con-full e-flex e-con e-child\" data-id=\"9b6c0aa\" data-element_type=\"container\">\n\t\t\t\t<div class=\"elementor-element elementor-element-8ca9465 elementor-widget elementor-widget-image\" data-id=\"8ca9465\" data-element_type=\"widget\" data-widget_type=\"image.default\">\n\t\t\t\t<div class=\"elementor-widget-container\">\n\t\t\t\t\t\t\t\t\t\t\t\t\t\t\t<img fetchpriority=\"high\" decoding=\"async\" width=\"1024\" height=\"683\" src=\"https:\/\/mgv-eckenhaid.com\/wp-content\/uploads\/2025\/05\/Wolle_Portraits_07-klein-1200x800-1-1024x683.jpg\" class=\"attachment-large size-large wp-image-252\" alt=\"\" srcset=\"https:\/\/mgv-eckenhaid.com\/wp-content\/uploads\/2025\/05\/Wolle_Portraits_07-klein-1200x800-1-1024x683.jpg 1024w, https:\/\/mgv-eckenhaid.com\/wp-content\/uploads\/2025\/05\/Wolle_Portraits_07-klein-1200x800-1-300x200.jpg 300w, https:\/\/mgv-eckenhaid.com\/wp-content\/uploads\/2025\/05\/Wolle_Portraits_07-klein-1200x800-1-768x512.jpg 768w, https:\/\/mgv-eckenhaid.com\/wp-content\/uploads\/2025\/05\/Wolle_Portraits_07-klein-1200x800-1.jpg 1200w\" sizes=\"(max-width: 1024px) 100vw, 1024px\" \/>\t\t\t\t\t\t\t\t\t\t\t\t\t\t\t<\/div>\n\t\t\t\t<\/div>\n\t\t\t\t<\/div>\n\t\t\t\t\t<\/div>\n\t\t\t\t<\/div>\n\t\t<div class=\"elementor-element elementor-element-5352fbc e-flex e-con-boxed e-con e-parent\" data-id=\"5352fbc\" data-element_type=\"container\">\n\t\t\t\t\t<div class=\"e-con-inner\">\n\t\t<div class=\"elementor-element elementor-element-b323e0b e-con-full e-flex e-con e-child\" data-id=\"b323e0b\" data-element_type=\"container\">\n\t\t\t\t<div class=\"elementor-element elementor-element-ac42f4a elementor-widget__width-initial elementor-widget elementor-widget-text-editor\" data-id=\"ac42f4a\" data-element_type=\"widget\" data-widget_type=\"text-editor.default\">\n\t\t\t\t<div class=\"elementor-widget-container\">\n\t\t\t\t\t\t\t\t\t<div class=\"flex-1 overflow-hidden\"><div class=\"react-scroll-to-bottom--css-lyiin-79elbk h-full\"><div class=\"react-scroll-to-bottom--css-lyiin-1n7m0yu\"><div class=\"flex flex-col text-sm pb-9\"><div class=\"w-full text-token-text-primary\" data-testid=\"conversation-turn-5\"><div class=\"px-4 py-2 justify-center text-base md:gap-6 m-auto\"><div class=\"flex flex-1 text-base mx-auto gap-3 md:px-5 lg:px-1 xl:px-5 md:max-w-3xl lg:max-w-[40rem] xl:max-w-[48rem] group final-completion\"><div class=\"relative flex w-full flex-col agent-turn\"><div class=\"flex-col gap-1 md:gap-3\"><div class=\"flex flex-grow flex-col max-w-full\"><div class=\"min-h-[20px] text-message flex flex-col items-start gap-3 whitespace-pre-wrap break-words [.text-message+&amp;]:mt-5 overflow-x-auto\" data-message-author-role=\"assistant\" data-message-id=\"96964e3a-81d4-4f16-aa36-767365341082\"><div class=\"markdown prose w-full break-words dark:prose-invert light\"><p><strong>Martin Lehnert (1. Vorstand)<\/strong><\/p><p>eine feste Gr\u00f6\u00dfe im Vereinsleben des M\u00e4nnergesangvereins (MGV) seit 2008, ist nicht nur ein begeisterter Mittelalter-Liebhaber, sondern auch mit ganzem Herzen Vorstand des MGV.\u00a0<\/p><p>(Auf dem Bild auf der linken Seite zu sehen, auf der rechten Seite sehen Sie den ehemaligen 2. Vorstand G\u00f6tz Baudler)<\/p><\/div><\/div><\/div><\/div><\/div><\/div><\/div><\/div><\/div><\/div><\/div><\/div>\t\t\t\t\t\t\t\t<\/div>\n\t\t\t\t<\/div>\n\t\t\t\t<\/div>\n\t\t\t\t<div class=\"elementor-element elementor-element-6866304 elementor-widget elementor-widget-image\" data-id=\"6866304\" data-element_type=\"widget\" data-widget_type=\"image.default\">\n\t\t\t\t<div class=\"elementor-widget-container\">\n\t\t\t\t\t\t\t\t\t\t\t\t\t\t\t<img decoding=\"async\" width=\"600\" height=\"400\" src=\"https:\/\/mgv-eckenhaid.com\/wp-content\/uploads\/2024\/03\/13177282_1098393416889669_4489209447200577964_n.jpg\" class=\"attachment-large size-large wp-image-190\" alt=\"\" srcset=\"https:\/\/mgv-eckenhaid.com\/wp-content\/uploads\/2024\/03\/13177282_1098393416889669_4489209447200577964_n.jpg 600w, https:\/\/mgv-eckenhaid.com\/wp-content\/uploads\/2024\/03\/13177282_1098393416889669_4489209447200577964_n-300x200.jpg 300w\" sizes=\"(max-width: 600px) 100vw, 600px\" \/>\t\t\t\t\t\t\t\t\t\t\t\t\t\t\t<\/div>\n\t\t\t\t<\/div>\n\t\t\t\t\t<\/div>\n\t\t\t\t<\/div>\n\t\t<div class=\"elementor-element elementor-element-6b3cb68 e-flex e-con-boxed e-con e-parent\" data-id=\"6b3cb68\" data-element_type=\"container\">\n\t\t\t\t\t<div class=\"e-con-inner\">\n\t\t<div class=\"elementor-element elementor-element-1a6d28c e-con-full e-flex e-con e-child\" data-id=\"1a6d28c\" data-element_type=\"container\">\n\t\t\t\t<div class=\"elementor-element elementor-element-4f50888 elementor-widget elementor-widget-text-editor\" data-id=\"4f50888\" data-element_type=\"widget\" data-widget_type=\"text-editor.default\">\n\t\t\t\t<div class=\"elementor-widget-container\">\n\t\t\t\t\t\t\t\t\t<p><strong>Kurt Streitferdt (2. Vorstand)<\/strong><\/p><p>der seit mehreren Jahren als 2. Vorstand des M\u00e4nnergesangvereins (MGV) aktiv ist, bringt eine enorme Leidenschaft und Engagement in seine Arbeit ein.<\/p>\t\t\t\t\t\t\t\t<\/div>\n\t\t\t\t<\/div>\n\t\t\t\t<\/div>\n\t\t<div class=\"elementor-element elementor-element-7e66a41 e-con-full e-flex e-con e-child\" data-id=\"7e66a41\" data-element_type=\"container\">\n\t\t\t\t<div class=\"elementor-element elementor-element-8e103c1 elementor-widget elementor-widget-image\" data-id=\"8e103c1\" data-element_type=\"widget\" data-widget_type=\"image.default\">\n\t\t\t\t<div class=\"elementor-widget-container\">\n\t\t\t\t\t\t\t\t\t\t\t\t\t\t\t<img decoding=\"async\" src=\"https:\/\/mgv-eckenhaid.com\/wp-content\/uploads\/elementor\/thumbs\/IMG_2427-scaled-qyserx31xvy5dihtck2ic7h86paploagjbvl48cdqg.jpg\" title=\"IMG_2427\" alt=\"IMG_2427\" loading=\"lazy\" \/>\t\t\t\t\t\t\t\t\t\t\t\t\t\t\t<\/div>\n\t\t\t\t<\/div>\n\t\t\t\t<\/div>\n\t\t\t\t\t<\/div>\n\t\t\t\t<\/div>\n\t\t\t\t<\/div>\n\t\t","protected":false},"excerpt":{"rendered":"<p>\u00dcber uns Tradition, Freundschaft und Gesang Wolfgang V\u00f6lkl (Chorleiter) studierte Musikwissenschaft in Erlangen, und schloss das Studium 2012 mit dem Magister Artium ab. Seitdem ist er als freischaffender Musiker, Komponist, [&hellip;]<\/p>\n","protected":false},"author":1,"featured_media":0,"parent":0,"menu_order":0,"comment_status":"closed","ping_status":"closed","template":"","meta":{"ocean_post_layout":"full-screen","ocean_both_sidebars_style":"","ocean_both_sidebars_content_width":0,"ocean_both_sidebars_sidebars_width":0,"ocean_sidebar":"","ocean_second_sidebar":"","ocean_disable_margins":"enable","ocean_add_body_class":"","ocean_shortcode_before_top_bar":"","ocean_shortcode_after_top_bar":"","ocean_shortcode_before_header":"","ocean_shortcode_after_header":"","ocean_has_shortcode":"","ocean_shortcode_after_title":"","ocean_shortcode_before_footer_widgets":"","ocean_shortcode_after_footer_widgets":"","ocean_shortcode_before_footer_bottom":"","ocean_shortcode_after_footer_bottom":"","ocean_display_top_bar":"off","ocean_display_header":"default","ocean_header_style":"","ocean_center_header_left_menu":"","ocean_custom_header_template":"","ocean_custom_logo":0,"ocean_custom_retina_logo":0,"ocean_custom_logo_max_width":0,"ocean_custom_logo_tablet_max_width":0,"ocean_custom_logo_mobile_max_width":0,"ocean_custom_logo_max_height":0,"ocean_custom_logo_tablet_max_height":0,"ocean_custom_logo_mobile_max_height":0,"ocean_header_custom_menu":"","ocean_menu_typo_font_family":"","ocean_menu_typo_font_subset":"","ocean_menu_typo_font_size":0,"ocean_menu_typo_font_size_tablet":0,"ocean_menu_typo_font_size_mobile":0,"ocean_menu_typo_font_size_unit":"px","ocean_menu_typo_font_weight":"","ocean_menu_typo_font_weight_tablet":"","ocean_menu_typo_font_weight_mobile":"","ocean_menu_typo_transform":"","ocean_menu_typo_transform_tablet":"","ocean_menu_typo_transform_mobile":"","ocean_menu_typo_line_height":0,"ocean_menu_typo_line_height_tablet":0,"ocean_menu_typo_line_height_mobile":0,"ocean_menu_typo_line_height_unit":"","ocean_menu_typo_spacing":0,"ocean_menu_typo_spacing_tablet":0,"ocean_menu_typo_spacing_mobile":0,"ocean_menu_typo_spacing_unit":"","ocean_menu_link_color":"","ocean_menu_link_color_hover":"","ocean_menu_link_color_active":"","ocean_menu_link_background":"","ocean_menu_link_hover_background":"","ocean_menu_link_active_background":"","ocean_menu_social_links_bg":"","ocean_menu_social_hover_links_bg":"","ocean_menu_social_links_color":"","ocean_menu_social_hover_links_color":"","ocean_disable_title":"on","ocean_disable_heading":"default","ocean_post_title":"","ocean_post_subheading":"","ocean_post_title_style":"","ocean_post_title_background_color":"","ocean_post_title_background":0,"ocean_post_title_bg_image_position":"","ocean_post_title_bg_image_attachment":"","ocean_post_title_bg_image_repeat":"","ocean_post_title_bg_image_size":"","ocean_post_title_height":0,"ocean_post_title_bg_overlay":0.5,"ocean_post_title_bg_overlay_color":"","ocean_disable_breadcrumbs":"default","ocean_breadcrumbs_color":"","ocean_breadcrumbs_separator_color":"","ocean_breadcrumbs_links_color":"","ocean_breadcrumbs_links_hover_color":"","ocean_display_footer_widgets":"off","ocean_display_footer_bottom":"off","ocean_custom_footer_template":"","footnotes":""},"class_list":["post-26","page","type-page","status-publish","hentry","entry"],"_links":{"self":[{"href":"https:\/\/mgv-eckenhaid.com\/index.php?rest_route=\/wp\/v2\/pages\/26","targetHints":{"allow":["GET"]}}],"collection":[{"href":"https:\/\/mgv-eckenhaid.com\/index.php?rest_route=\/wp\/v2\/pages"}],"about":[{"href":"https:\/\/mgv-eckenhaid.com\/index.php?rest_route=\/wp\/v2\/types\/page"}],"author":[{"embeddable":true,"href":"https:\/\/mgv-eckenhaid.com\/index.php?rest_route=\/wp\/v2\/users\/1"}],"replies":[{"embeddable":true,"href":"https:\/\/mgv-eckenhaid.com\/index.php?rest_route=%2Fwp%2Fv2%2Fcomments&post=26"}],"version-history":[{"count":29,"href":"https:\/\/mgv-eckenhaid.com\/index.php?rest_route=\/wp\/v2\/pages\/26\/revisions"}],"predecessor-version":[{"id":271,"href":"https:\/\/mgv-eckenhaid.com\/index.php?rest_route=\/wp\/v2\/pages\/26\/revisions\/271"}],"wp:attachment":[{"href":"https:\/\/mgv-eckenhaid.com\/index.php?rest_route=%2Fwp%2Fv2%2Fmedia&parent=26"}],"curies":[{"name":"wp","href":"https:\/\/api.w.org\/{rel}","templated":true}]}}